{"id":885,"date":"2025-12-05T03:01:04","date_gmt":"2025-12-05T01:01:04","guid":{"rendered":"https:\/\/krs.viljamedia.com\/etusivu\/"},"modified":"2026-04-29T11:40:20","modified_gmt":"2026-04-29T08:40:20","slug":"etusivu","status":"publish","type":"page","link":"https:\/\/visitkristinestad.fi\/fi\/","title":{"rendered":"Etusivu"},"content":{"rendered":"<section data-etch-element=\"section\" class=\"hero-krs\"><figure class=\"hero-krs__media-wrapper\"><img decoding=\"async\" src=\"https:\/\/visitkristinestad.fi\/wp-content\/uploads\/2026\/01\/Kesa2025-drone-WEB-8.webp\" alt=\"\" class=\"hero-krs__media\" id=\"startsida-hero\" \/><img decoding=\"async\" src=\"https:\/\/visitkristinestad.fi\/wp-content\/uploads\/2025\/12\/Visit-KRS-divider-1.webp\" class=\"footer-alpha__shape-overlay-image-1\" alt=\"\" \/><\/figure><\/section><section data-etch-element=\"section\" class=\"intro-start\"><div data-etch-element=\"container\" data-intro-style=\"center\" class=\"intro-start__section-intro-start\"><h1 class=\"intro-start__headline\"> Kristinestad<\/h1><p class=\"intro-start__accent-heading\">V\u00e4lkommen till<\/p><div data-etch-element=\"flex-div\" class=\"intro-start__content-wrapper\"><h2 class=\"intro-start__heading\">Once upon a time, there was a town you never wanted to leave.<\/h2><div data-etch-element=\"flex-div\" class=\"intro-start__text-wrapper\"><p class=\"section-intro-krs__text intro-start__text\">I Kristinestad m\u00f6ts det \u00e4kta och det som \u00e4r lite nyfiket. Vandra l\u00e4ngs kullerstensgator, smaka p\u00e5 havets skatter eller njut av en kaffe i solskenet.<\/p><p class=\"section-intro-krs__text intro-start__text\">Det h\u00e4r \u00e4r en sj\u00f6fartsstad vid Bottenhavet d\u00e4r tr\u00e4husen ber\u00e4ttar om svunna tider. D\u00e4r tiden f\u00e5r stanna till en liten stund.<\/p><p id=\"etch-t9knyg7\" class=\"section-intro-krs__text intro-start__text\">Det h\u00e4r \u00e4r Finlands Cittaslow-stad. D\u00e4r du k\u00e4nner att du lever lite extra.<\/p><div data-etch-element=\"flex-div\" class=\"intro-start__cta-wrapper\"><a href=\"\/ata\" class=\"btn--accent\">\u00c4ta<\/a><a href=\"\/bo\" class=\"btn--primary\">Bo<\/a><a href=\"\/upplev\" class=\"btn--secondary\">Upplev<\/a><\/div><\/div><\/div><\/div><\/section><section data-etch-element=\"section\" class=\"event-section-one\"><div data-etch-element=\"container\" class=\"event-section-one__intro\"><h2 class=\"event-section-one__heading\">Evenemang och aktiviteter<\/h2><p class=\"event-section-one__lede\">\u00d6sterbottens evenemangskalender h\u00e5ller dig uppdaterad:<\/p><\/div><div data-etch-element=\"container\" class=\"event-grid-one\"><div data-etch-element=\"flex-div\" class=\"event-card-one\"><figure class=\"event-card-one__media-wrapper\"><img decoding=\"async\" src=\"https:\/\/events.osterbotten.fi\/assets\/Uploads\/IMG-20260413-WA0009__PadWzQ0MCw0NDAsIkZGRkZGRiIsMF0.webp, https:\/\/events.osterbotten.fi\/assets\/Uploads\/IMG-20260413-WA0009__PadWzQ0MCw0NDAsIkZGRkZGRiIsMF0.webp\" alt=\"\" class=\"event-card-one__image\" \/><\/figure><div data-etch-element=\"flex-div\" class=\"event-card-one__content-wrapper\"><h3 class=\"event-card-one__title\">Barnens traditionella 1 maj fest<\/h3><p class=\"event-card-one__excerpt\">01.05.2026 13:00 Barnen planerar program och upptr\u00e4der, lotteri, mete och traditionella lekar V\u00e4lkommen p\u00e5 Braheg\u00e5rdens traditionella barnfest! Festen h\u00e5lls 1.5 med start kl. 13.00. Program av barn i &#8230;<\/p><div data-etch-element=\"flex-div\" class=\"event-card-one__meta-wrapper\"><div data-etch-element=\"flex-div\" class=\"event-card-one__date\"><\/div><div data-etch-element=\"flex-div\" class=\"event-card-one__time\"><\/div><div data-etch-element=\"flex-div\" class=\"event-card-one__location\"><\/div><\/div><a href=\"#\" class=\"btn--accent event-card-one__cta\">Mer information <svg width=\"16\" height=\"16\" fill=\"currentColor\" class=\"bi bi-arrow-right\" viewBox=\"0 0 16 16\"><path fill-rule=\"evenodd\" d=\"M1 8a.5.5 0 0 1 .5-.5h11.793l-3.147-3.146a.5.5 0 0 1 .708-.708l4 4a.5.5 0 0 1 0 .708l-4 4a.5.5 0 0 1-.708-.708L13.293 8.5H1.5A.5.5 0 0 1 1 8\"><\/path><\/svg> <\/a><\/div><\/div><div data-etch-element=\"flex-div\" class=\"event-card-one\"><figure class=\"event-card-one__media-wrapper\"><img decoding=\"async\" src=\"https:\/\/events.osterbotten.fi\/assets\/Uploads\/Farafinaaffisch__PadWzQ0MCw0NDAsIkZGRkZGRiIsMF0.webp, https:\/\/events.osterbotten.fi\/assets\/Uploads\/Farafinaaffisch__PadWzQ0MCw0NDAsIkZGRkZGRiIsMF0.webp, https:\/\/events.osterbotten.fi\/assets\/Uploads\/Farafinaaffisch__PadWzQ0MCw0NDAsIkZGRkZGRiIsMF0.webp\" alt=\"\" class=\"event-card-one__image\" \/><\/figure><div data-etch-element=\"flex-div\" class=\"event-card-one__content-wrapper\"><h3 class=\"event-card-one__title\">Farafina: textilf\u00e4rgning i V\u00e4stafrika<\/h3><p class=\"event-card-one__excerpt\">16.09.2026 18:00 &#8211; 13.10.2026 18:00 utst\u00e4llning 17.9-14.10<\/p><div data-etch-element=\"flex-div\" class=\"event-card-one__meta-wrapper\"><div data-etch-element=\"flex-div\" class=\"event-card-one__date\"><\/div><div data-etch-element=\"flex-div\" class=\"event-card-one__time\"><\/div><div data-etch-element=\"flex-div\" class=\"event-card-one__location\"><\/div><\/div><a href=\"#\" class=\"btn--accent event-card-one__cta\">Mer information <svg width=\"16\" height=\"16\" fill=\"currentColor\" class=\"bi bi-arrow-right\" viewBox=\"0 0 16 16\"><path fill-rule=\"evenodd\" d=\"M1 8a.5.5 0 0 1 .5-.5h11.793l-3.147-3.146a.5.5 0 0 1 .708-.708l4 4a.5.5 0 0 1 0 .708l-4 4a.5.5 0 0 1-.708-.708L13.293 8.5H1.5A.5.5 0 0 1 1 8\"><\/path><\/svg> <\/a><\/div><\/div><div data-etch-element=\"flex-div\" class=\"event-card-one\"><figure class=\"event-card-one__media-wrapper\"><img decoding=\"async\" src=\"https:\/\/events.osterbotten.fi\/assets\/Uploads\/Yogadag-i-Kilen-2026-v3__PadWzQ0MCw0NDAsIkZGRkZGRiIsMF0.webp, https:\/\/events.osterbotten.fi\/assets\/Uploads\/Yogadag-i-Kilen-2026-v3__PadWzQ0MCw0NDAsIkZGRkZGRiIsMF0.webp, https:\/\/events.osterbotten.fi\/assets\/Uploads\/Yogadag-i-Kilen-2026-v3__PadWzQ0MCw0NDAsIkZGRkZGRiIsMF0.webp, https:\/\/events.osterbotten.fi\/assets\/Uploads\/Yogadag-i-Kilen-2026-v3__PadWzQ0MCw0NDAsIkZGRkZGRiIsMF0.webp, https:\/\/events.osterbotten.fi\/assets\/Uploads\/Yogadag-i-Kilen-2026-v3__PadWzQ0MCw0NDAsIkZGRkZGRiIsMF0.webp\" alt=\"\" class=\"event-card-one__image\" \/><\/figure><div data-etch-element=\"flex-div\" class=\"event-card-one__content-wrapper\"><h3 class=\"event-card-one__title\">Yogadag i Kilen svenskspr\u00e5kig<\/h3><p class=\"event-card-one__excerpt\">08.07.2026 10:00 &#8211; 08.07.2026 17:00 Kom och njut av din egen yogadag i Kilens fantastiska havslandskap. Tema: Ta hand om dina energier med hj\u00e4lp av yoga\r\n\r\nVi inleder med mjuk yinyoga och g\u00f6r under da&#8230;<\/p><div data-etch-element=\"flex-div\" class=\"event-card-one__meta-wrapper\"><div data-etch-element=\"flex-div\" class=\"event-card-one__date\"><\/div><div data-etch-element=\"flex-div\" class=\"event-card-one__time\"><\/div><div data-etch-element=\"flex-div\" class=\"event-card-one__location\"><\/div><\/div><a href=\"#\" class=\"btn--accent event-card-one__cta\">Mer information <svg width=\"16\" height=\"16\" fill=\"currentColor\" class=\"bi bi-arrow-right\" viewBox=\"0 0 16 16\"><path fill-rule=\"evenodd\" d=\"M1 8a.5.5 0 0 1 .5-.5h11.793l-3.147-3.146a.5.5 0 0 1 .708-.708l4 4a.5.5 0 0 1 0 .708l-4 4a.5.5 0 0 1-.708-.708L13.293 8.5H1.5A.5.5 0 0 1 1 8\"><\/path><\/svg> <\/a><\/div><\/div><\/div><div data-etch-element=\"container\" class=\"event-section-one__bottom\"><a href=\"https:\/\/events.osterbotten.fi\/evenemang\/?Keywords=&amp;EventsFor=&amp;DateFrom=&amp;DateTo=&amp;Municipalities%5B%5D=8&amp;CurrentPage=1\" class=\"btn--accent event-section-one__link\" target=\"_blank\">Se hela \u00d6sterbottens evenemangskalender<\/a><\/div><div data-etch-element=\"container\" class=\"slogan\"><h2 class=\"slogan__heading\">Uppplev. Bo. \u00c4t. Andas.<\/h2><p class=\"slogan__text\">Tarinasi alkaa t\u00e4st\u00e4.<\/p><\/div><\/section>","protected":false},"excerpt":{"rendered":"","protected":false},"author":1,"featured_media":0,"parent":0,"menu_order":0,"comment_status":"closed","ping_status":"closed","template":"","meta":{"_acf_changed":false,"slim_seo":{"title":"Visit Kristinestad - Det h\u00e4r \u00e4r Finlands Citta Slow-stad. D\u00e4r du k\u00e4nner att du lever lite extra.","description":""},"footnotes":""},"class_list":["post-885","page","type-page","status-publish","hentry"],"acf":[],"_links":{"self":[{"href":"https:\/\/visitkristinestad.fi\/fi\/wp-json\/wp\/v2\/pages\/885","targetHints":{"allow":["GET"]}}],"collection":[{"href":"https:\/\/visitkristinestad.fi\/fi\/wp-json\/wp\/v2\/pages"}],"about":[{"href":"https:\/\/visitkristinestad.fi\/fi\/wp-json\/wp\/v2\/types\/page"}],"author":[{"embeddable":true,"href":"https:\/\/visitkristinestad.fi\/fi\/wp-json\/wp\/v2\/users\/1"}],"replies":[{"embeddable":true,"href":"https:\/\/visitkristinestad.fi\/fi\/wp-json\/wp\/v2\/comments?post=885"}],"version-history":[{"count":29,"href":"https:\/\/visitkristinestad.fi\/fi\/wp-json\/wp\/v2\/pages\/885\/revisions"}],"predecessor-version":[{"id":2310,"href":"https:\/\/visitkristinestad.fi\/fi\/wp-json\/wp\/v2\/pages\/885\/revisions\/2310"}],"wp:attachment":[{"href":"https:\/\/visitkristinestad.fi\/fi\/wp-json\/wp\/v2\/media?parent=885"}],"curies":[{"name":"wp","href":"https:\/\/api.w.org\/{rel}","templated":true}]}}